{"id":16,"date":"2025-03-25T18:23:47","date_gmt":"2025-03-25T18:23:47","guid":{"rendered":"https:\/\/tarlagirona.com\/?page_id=16"},"modified":"2025-09-02T08:47:29","modified_gmt":"2025-09-02T08:47:29","slug":"quienes-somos","status":"publish","type":"page","link":"https:\/\/tarlagirona.com\/ca\/quienes-somos\/","title":{"rendered":"Qui som?"},"content":{"rendered":"<div data-elementor-type=\"wp-page\" data-elementor-id=\"16\" class=\"elementor elementor-16\" data-elementor-post-type=\"page\">\n\t\t\t\t<div class=\"elementor-element elementor-element-de39951 e-flex e-con-boxed e-con e-parent\" data-id=\"de39951\" data-element_type=\"container\" data-settings=\"{&quot;background_background&quot;:&quot;classic&quot;}\">\n\t\t\t\t\t<div class=\"e-con-inner\">\n\t\t\t\t<div class=\"elementor-element elementor-element-e057a5c elementor-widget elementor-widget-heading\" data-id=\"e057a5c\" data-element_type=\"widget\" data-widget_type=\"heading.default\">\n\t\t\t\t<div class=\"elementor-widget-container\">\n\t\t\t\t\t<h1 class=\"elementor-heading-title elementor-size-default\">Un restaurant a Girona amb cor<\/h1>\t\t\t\t<\/div>\n\t\t\t\t<\/div>\n\t\t\t\t\t<\/div>\n\t\t\t\t<\/div>\n\t\t<div class=\"elementor-element elementor-element-2051620 e-flex e-con-boxed e-con e-parent\" data-id=\"2051620\" data-element_type=\"container\">\n\t\t\t\t\t<div class=\"e-con-inner\">\n\t\t<div class=\"elementor-element elementor-element-1ff961d e-con-full e-flex e-con e-child\" data-id=\"1ff961d\" data-element_type=\"container\">\n\t\t\t\t<div class=\"elementor-element elementor-element-70afd29 elementor-widget elementor-widget-heading\" data-id=\"70afd29\" data-element_type=\"widget\" data-widget_type=\"heading.default\">\n\t\t\t\t<div class=\"elementor-widget-container\">\n\t\t\t\t\t<h2 class=\"elementor-heading-title elementor-size-default\">Qui som?<\/h2>\t\t\t\t<\/div>\n\t\t\t\t<\/div>\n\t\t\t\t<div class=\"elementor-element elementor-element-b6803fb elementor-widget elementor-widget-heading\" data-id=\"b6803fb\" data-element_type=\"widget\" data-widget_type=\"heading.default\">\n\t\t\t\t<div class=\"elementor-widget-container\">\n\t\t\t\t\t<h2 class=\"elementor-heading-title elementor-size-default\">Restaurant amb sentiment a Girona\n<\/h2>\t\t\t\t<\/div>\n\t\t\t\t<\/div>\n\t\t\t\t<div class=\"elementor-element elementor-element-25c1b9c elementor-widget elementor-widget-text-editor\" data-id=\"25c1b9c\" data-element_type=\"widget\" data-widget_type=\"text-editor.default\">\n\t\t\t\t<div class=\"elementor-widget-container\">\n\t\t\t\t\t\t\t\t\t<p>Ubicat al cor de Girona, EL TARL\u00c0 \u00e9s un restaurant on la gastronomia local es fusiona amb una experi\u00e8ncia \u00fanica que captiva tots els sentits. En un ambient modern i acollidor, us convidem a gaudir de dinars, sopars, aperitius tipus vermut i tarda, tot amb productes frescos de la regi\u00f3 i un toc d&#039;innovaci\u00f3. Perfecte per compartir tapes o gaudir d&#039;un \u00e0pat relaxat.<\/p>\t\t\t\t\t\t\t\t<\/div>\n\t\t\t\t<\/div>\n\t\t\t\t<\/div>\n\t\t<div class=\"elementor-element elementor-element-1538030 e-con-full e-flex e-con e-child\" data-id=\"1538030\" data-element_type=\"container\" data-settings=\"{&quot;background_background&quot;:&quot;classic&quot;}\">\n\t\t\t\t<div class=\"elementor-element elementor-element-8ffd757 elementor-widget__width-initial elementor-absolute elementor-widget elementor-widget-image\" data-id=\"8ffd757\" data-element_type=\"widget\" data-settings=\"{&quot;_position&quot;:&quot;absolute&quot;}\" data-widget_type=\"image.default\">\n\t\t\t\t<div class=\"elementor-widget-container\">\n\t\t\t\t\t\t\t\t\t\t\t\t\t\t\t<img fetchpriority=\"high\" decoding=\"async\" width=\"800\" height=\"450\" src=\"https:\/\/tarlagirona.com\/wp-content\/uploads\/2025\/09\/ElTarla_2025_32-1024x576.jpg\" class=\"attachment-large size-large wp-image-677\" alt=\"\" srcset=\"https:\/\/tarlagirona.com\/wp-content\/uploads\/2025\/09\/ElTarla_2025_32-1024x576.jpg 1024w, https:\/\/tarlagirona.com\/wp-content\/uploads\/2025\/09\/ElTarla_2025_32-300x169.jpg 300w, https:\/\/tarlagirona.com\/wp-content\/uploads\/2025\/09\/ElTarla_2025_32-768x432.jpg 768w, https:\/\/tarlagirona.com\/wp-content\/uploads\/2025\/09\/ElTarla_2025_32-1536x864.jpg 1536w, https:\/\/tarlagirona.com\/wp-content\/uploads\/2025\/09\/ElTarla_2025_32.jpg 1920w\" sizes=\"(max-width: 800px) 100vw, 800px\" \/>\t\t\t\t\t\t\t\t\t\t\t\t\t\t\t<\/div>\n\t\t\t\t<\/div>\n\t\t\t\t<div class=\"elementor-element elementor-element-a921826 elementor-widget__width-initial elementor-absolute elementor-widget elementor-widget-image\" data-id=\"a921826\" data-element_type=\"widget\" data-settings=\"{&quot;_position&quot;:&quot;absolute&quot;}\" data-widget_type=\"image.default\">\n\t\t\t\t<div class=\"elementor-widget-container\">\n\t\t\t\t\t\t\t\t\t\t\t\t\t\t\t<img decoding=\"async\" width=\"800\" height=\"534\" src=\"https:\/\/tarlagirona.com\/wp-content\/uploads\/2025\/09\/ElTarla_2025_12-1024x683.jpg\" class=\"attachment-large size-large wp-image-657\" alt=\"\" srcset=\"https:\/\/tarlagirona.com\/wp-content\/uploads\/2025\/09\/ElTarla_2025_12-1024x683.jpg 1024w, https:\/\/tarlagirona.com\/wp-content\/uploads\/2025\/09\/ElTarla_2025_12-300x200.jpg 300w, https:\/\/tarlagirona.com\/wp-content\/uploads\/2025\/09\/ElTarla_2025_12-768x512.jpg 768w, https:\/\/tarlagirona.com\/wp-content\/uploads\/2025\/09\/ElTarla_2025_12-1536x1024.jpg 1536w, https:\/\/tarlagirona.com\/wp-content\/uploads\/2025\/09\/ElTarla_2025_12.jpg 1920w\" sizes=\"(max-width: 800px) 100vw, 800px\" \/>\t\t\t\t\t\t\t\t\t\t\t\t\t\t\t<\/div>\n\t\t\t\t<\/div>\n\t\t\t\t<\/div>\n\t\t\t\t\t<\/div>\n\t\t\t\t<\/div>\n\t\t<div class=\"elementor-element elementor-element-680efe7 e-flex e-con-boxed e-con e-parent\" data-id=\"680efe7\" data-element_type=\"container\">\n\t\t\t\t\t<div class=\"e-con-inner\">\n\t\t<div class=\"elementor-element elementor-element-32336d2 e-con-full e-flex e-con e-child\" data-id=\"32336d2\" data-element_type=\"container\">\n\t\t\t\t<div class=\"elementor-element elementor-element-a5af8ae elementor-widget elementor-widget-heading\" data-id=\"a5af8ae\" data-element_type=\"widget\" data-widget_type=\"heading.default\">\n\t\t\t\t<div class=\"elementor-widget-container\">\n\t\t\t\t\t<h2 class=\"elementor-heading-title elementor-size-default\">LA LLEGENDA DE TARL\u00c0<\/h2>\t\t\t\t<\/div>\n\t\t\t\t<\/div>\n\t\t\t\t<div class=\"elementor-element elementor-element-31c72cf elementor-widget elementor-widget-image\" data-id=\"31c72cf\" data-element_type=\"widget\" data-widget_type=\"image.default\">\n\t\t\t\t<div class=\"elementor-widget-container\">\n\t\t\t\t\t\t\t\t\t\t\t\t\t\t\t<img decoding=\"async\" width=\"724\" height=\"1024\" src=\"https:\/\/tarlagirona.com\/wp-content\/uploads\/2025\/09\/LLEGENDA-scaled.jpg\" class=\"attachment-large size-large wp-image-783\" alt=\"\" srcset=\"https:\/\/tarlagirona.com\/wp-content\/uploads\/2025\/09\/LLEGENDA-scaled.jpg 1810w, https:\/\/tarlagirona.com\/wp-content\/uploads\/2025\/09\/LLEGENDA-212x300.jpg 212w, https:\/\/tarlagirona.com\/wp-content\/uploads\/2025\/09\/LLEGENDA-724x1024.jpg 724w, https:\/\/tarlagirona.com\/wp-content\/uploads\/2025\/09\/LLEGENDA-768x1086.jpg 768w, https:\/\/tarlagirona.com\/wp-content\/uploads\/2025\/09\/LLEGENDA-1086x1536.jpg 1086w, https:\/\/tarlagirona.com\/wp-content\/uploads\/2025\/09\/LLEGENDA-1448x2048.jpg 1448w, https:\/\/tarlagirona.com\/wp-content\/uploads\/2025\/09\/LLEGENDA-8x12.jpg 8w\" sizes=\"(max-width: 724px) 100vw, 724px\" \/>\t\t\t\t\t\t\t\t\t\t\t\t\t\t\t<\/div>\n\t\t\t\t<\/div>\n\t\t\t\t<\/div>\n\t\t\t\t\t<\/div>\n\t\t\t\t<\/div>\n\t\t<div class=\"elementor-element elementor-element-5a13a45 e-flex e-con-boxed e-con e-parent\" data-id=\"5a13a45\" data-element_type=\"container\" data-settings=\"{&quot;background_background&quot;:&quot;classic&quot;}\">\n\t\t\t\t\t<div class=\"e-con-inner\">\n\t\t\t\t<div class=\"elementor-element elementor-element-4594b3e elementor-widget elementor-widget-heading\" data-id=\"4594b3e\" data-element_type=\"widget\" data-widget_type=\"heading.default\">\n\t\t\t\t<div class=\"elementor-widget-container\">\n\t\t\t\t\t<h2 class=\"elementor-heading-title elementor-size-default\">La nostra passi\u00f3<\/h2>\t\t\t\t<\/div>\n\t\t\t\t<\/div>\n\t\t\t\t<div class=\"elementor-element elementor-element-51fd0e9 elementor-widget elementor-widget-heading\" data-id=\"51fd0e9\" data-element_type=\"widget\" data-widget_type=\"heading.default\">\n\t\t\t\t<div class=\"elementor-widget-container\">\n\t\t\t\t\t<h2 class=\"elementor-heading-title elementor-size-default\">Crear moments inoblidables a trav\u00e9s de la gastronomia\n<\/h2>\t\t\t\t<\/div>\n\t\t\t\t<\/div>\n\t\t\t\t<div class=\"elementor-element elementor-element-2e77767 elementor-widget__width-initial elementor-widget elementor-widget-text-editor\" data-id=\"2e77767\" data-element_type=\"widget\" data-widget_type=\"text-editor.default\">\n\t\t\t\t<div class=\"elementor-widget-container\">\n\t\t\t\t\t\t\t\t\t<p>No nom\u00e9s ens dediquem a cuinar; ens dediquem a crear records. Creiem que cada \u00e0pat \u00e9s una oportunitat per gaudir dels petits plaers de la vida, per compartir amb els altres i per viure noves experi\u00e8ncies. Al nostre restaurant trobar\u00e0s l&#039;ambient perfecte per gaudir de la millor gastronomia de Girona.<\/p>\t\t\t\t\t\t\t\t<\/div>\n\t\t\t\t<\/div>\n\t\t\t\t<div class=\"elementor-element elementor-element-a81fb7a elementor-align-justify elementor-widget__width-initial elementor-widget elementor-widget-button\" data-id=\"a81fb7a\" data-element_type=\"widget\" data-widget_type=\"button.default\">\n\t\t\t\t<div class=\"elementor-widget-container\">\n\t\t\t\t\t\t\t\t\t<div class=\"elementor-button-wrapper\">\n\t\t\t\t\t<a class=\"elementor-button elementor-button-link elementor-size-sm\" href=\"https:\/\/tarlagirona.com\/ca\/carta\/\">\n\t\t\t\t\t\t<span class=\"elementor-button-content-wrapper\">\n\t\t\t\t\t\t\t\t\t<span class=\"elementor-button-text\">CONSULTA LA CARTA<\/span>\n\t\t\t\t\t<\/span>\n\t\t\t\t\t<\/a>\n\t\t\t\t<\/div>\n\t\t\t\t\t\t\t\t<\/div>\n\t\t\t\t<\/div>\n\t\t\t\t\t<\/div>\n\t\t\t\t<\/div>\n\t\t\t\t<\/div>","protected":false},"excerpt":{"rendered":"<p>Un restaurant a Girona amb cor Qui som? Restaurant amb sentiment a Girona Ubicat al cor de Girona, EL TARL\u00c0 \u00e9s un restaurant on la gastronomia local es fusiona amb una experi\u00e8ncia \u00fanica que captiva tots els sentits. En un ambient modern i acollidor, us convidem a gaudir de dinars, sopars, aperitius tipus vermut [\u2026]<\/p>","protected":false},"author":2,"featured_media":0,"parent":0,"menu_order":0,"comment_status":"closed","ping_status":"closed","template":"elementor_header_footer","meta":{"footnotes":""},"class_list":["post-16","page","type-page","status-publish","hentry"],"_links":{"self":[{"href":"https:\/\/tarlagirona.com\/ca\/wp-json\/wp\/v2\/pages\/16","targetHints":{"allow":["GET"]}}],"collection":[{"href":"https:\/\/tarlagirona.com\/ca\/wp-json\/wp\/v2\/pages"}],"about":[{"href":"https:\/\/tarlagirona.com\/ca\/wp-json\/wp\/v2\/types\/page"}],"author":[{"embeddable":true,"href":"https:\/\/tarlagirona.com\/ca\/wp-json\/wp\/v2\/users\/2"}],"replies":[{"embeddable":true,"href":"https:\/\/tarlagirona.com\/ca\/wp-json\/wp\/v2\/comments?post=16"}],"version-history":[{"count":67,"href":"https:\/\/tarlagirona.com\/ca\/wp-json\/wp\/v2\/pages\/16\/revisions"}],"predecessor-version":[{"id":812,"href":"https:\/\/tarlagirona.com\/ca\/wp-json\/wp\/v2\/pages\/16\/revisions\/812"}],"wp:attachment":[{"href":"https:\/\/tarlagirona.com\/ca\/wp-json\/wp\/v2\/media?parent=16"}],"curies":[{"name":"wp","href":"https:\/\/api.w.org\/{rel}","templated":true}]}}